{"id":10917,"date":"2023-04-01T18:32:35","date_gmt":"2023-04-01T18:32:35","guid":{"rendered":"https:\/\/caltc.ca\/?page_id=10917"},"modified":"2023-04-02T01:56:07","modified_gmt":"2023-04-02T01:56:07","slug":"media-statements","status":"publish","type":"page","link":"https:\/\/caltc.ca\/fr\/media-statements\/","title":{"rendered":"Communiqu\u00e9 de presse"},"content":{"rendered":"<div data-elementor-type=\"wp-page\" data-elementor-id=\"10917\" class=\"elementor elementor-10917\" data-elementor-post-type=\"page\">\n\t\t\t\t\t\t<section class=\"elementor-section elementor-top-section elementor-element elementor-element-5d9f103e elementor-section-height-min-height elementor-section-boxed elementor-section-height-default elementor-section-items-middle\" data-id=\"5d9f103e\" data-element_type=\"section\" data-e-type=\"section\" data-settings=\"{&quot;background_background&quot;:&quot;classic&quot;}\">\n\t\t\t\t\t\t<div class=\"elementor-container elementor-column-gap-default\">\n\t\t\t\t\t<div class=\"elementor-column elementor-col-100 elementor-top-column elementor-element elementor-element-210e0899\" data-id=\"210e0899\" data-element_type=\"column\" data-e-type=\"column\">\n\t\t\t<div class=\"elementor-widget-wrap elementor-element-populated\">\n\t\t\t\t\t\t<section class=\"elementor-section elementor-inner-section elementor-element elementor-element-6b082aec elementor-section-boxed elementor-section-height-default elementor-section-height-default\" data-id=\"6b082aec\" data-element_type=\"section\" data-e-type=\"section\">\n\t\t\t\t\t\t<div class=\"elementor-container elementor-column-gap-default\">\n\t\t\t\t\t<div class=\"elementor-column elementor-col-100 elementor-inner-column elementor-element elementor-element-44f6da01\" data-id=\"44f6da01\" data-element_type=\"column\" data-e-type=\"column\">\n\t\t\t<div class=\"elementor-widget-wrap elementor-element-populated\">\n\t\t\t\t\t\t<div class=\"elementor-element elementor-element-2335bf9a elementor-widget elementor-widget-heading\" data-id=\"2335bf9a\" data-element_type=\"widget\" data-e-type=\"widget\" data-widget_type=\"heading.default\">\n\t\t\t\t<div class=\"elementor-widget-container\">\n\t\t\t\t\t<h1 class=\"elementor-heading-title elementor-size-default\">Communiqu\u00e9 de presse<\/h1>\t\t\t\t<\/div>\n\t\t\t\t<\/div>\n\t\t\t\t\t<\/div>\n\t\t<\/div>\n\t\t\t\t\t<\/div>\n\t\t<\/section>\n\t\t\t\t\t<\/div>\n\t\t<\/div>\n\t\t\t\t\t<\/div>\n\t\t<\/section>\n\t\t\t\t<section class=\"elementor-section elementor-top-section elementor-element elementor-element-a245278 elementor-section-boxed elementor-section-height-default elementor-section-height-default\" data-id=\"a245278\" data-element_type=\"section\" data-e-type=\"section\">\n\t\t\t\t\t\t<div class=\"elementor-container elementor-column-gap-default\">\n\t\t\t\t\t<div class=\"elementor-column elementor-col-100 elementor-top-column elementor-element elementor-element-b6b38d6\" data-id=\"b6b38d6\" data-element_type=\"column\" data-e-type=\"column\">\n\t\t\t<div class=\"elementor-widget-wrap elementor-element-populated\">\n\t\t\t\t\t\t<div class=\"elementor-element elementor-element-6d8728f elementor-search-form--skin-minimal elementor-widget elementor-widget-search-form\" data-id=\"6d8728f\" data-element_type=\"widget\" data-e-type=\"widget\" data-settings=\"{&quot;skin&quot;:&quot;minimal&quot;}\" data-widget_type=\"search-form.default\">\n\t\t\t\t<div class=\"elementor-widget-container\">\n\t\t\t\t\t\t\t<search role=\"search\">\n\t\t\t<form class=\"elementor-search-form\" action=\"https:\/\/caltc.ca\/fr\/\" method=\"get\" data-trp-original-action=\"https:\/\/caltc.ca\/fr\">\n\t\t\t\t\t\t\t\t\t\t\t\t<div class=\"elementor-search-form__container\">\n\t\t\t\t\t<label class=\"elementor-screen-only\" for=\"elementor-search-form-6d8728f\">Rechercher <\/label>\n\n\t\t\t\t\t\t\t\t\t\t\t<div class=\"elementor-search-form__icon\">\n\t\t\t\t\t\t\t<i aria-hidden=\"true\" class=\"fas fa-search\"><\/i>\t\t\t\t\t\t\t<span class=\"elementor-screen-only\">Rechercher <\/span>\n\t\t\t\t\t\t<\/div>\n\t\t\t\t\t\n\t\t\t\t\t<input id=\"elementor-search-form-6d8728f\" placeholder=\"Search...\" class=\"elementor-search-form__input\" type=\"search\" name=\"s\" value=\"\">\n\t\t\t\t\t\n\t\t\t\t\t\n\t\t\t\t\t\t\t\t\t<\/div>\n\t\t\t<input type=\"hidden\" name=\"trp-form-language\" value=\"fr\"\/><\/form>\n\t\t<\/search>\n\t\t\t\t\t\t<\/div>\n\t\t\t\t<\/div>\n\t\t\t\t<div class=\"elementor-element elementor-element-9957d44 elementor-grid-2 elementor-posts--align-left elementor-grid-tablet-2 elementor-grid-mobile-1 elementor-posts--thumbnail-top elementor-card-shadow-yes elementor-posts__hover-gradient load-more-align-center elementor-widget elementor-widget-posts\" data-id=\"9957d44\" data-element_type=\"widget\" data-e-type=\"widget\" data-settings=\"{&quot;cards_columns&quot;:&quot;2&quot;,&quot;cards_row_gap&quot;:{&quot;unit&quot;:&quot;px&quot;,&quot;size&quot;:43,&quot;sizes&quot;:[]},&quot;pagination_type&quot;:&quot;load_more_on_click&quot;,&quot;cards_columns_tablet&quot;:&quot;2&quot;,&quot;cards_columns_mobile&quot;:&quot;1&quot;,&quot;cards_row_gap_tablet&quot;:{&quot;unit&quot;:&quot;px&quot;,&quot;size&quot;:&quot;&quot;,&quot;sizes&quot;:[]},&quot;cards_row_gap_mobile&quot;:{&quot;unit&quot;:&quot;px&quot;,&quot;size&quot;:&quot;&quot;,&quot;sizes&quot;:[]},&quot;load_more_spinner&quot;:{&quot;value&quot;:&quot;fas fa-spinner&quot;,&quot;library&quot;:&quot;fa-solid&quot;}}\" data-widget_type=\"posts.cards\">\n\t\t\t\t<div class=\"elementor-widget-container\">\n\t\t\t\t\t\t\t<div class=\"elementor-posts-container elementor-posts elementor-posts--skin-cards elementor-grid\" role=\"list\">\n\t\t\t\t<article class=\"elementor-post elementor-grid-item post-11706 post type-post status-publish format-standard hentry category-news-release\" role=\"listitem\">\n\t\t\t<div class=\"elementor-post__card\">\n\t\t\t\t<div class=\"elementor-post__text\">\n\t\t\t\t<h3 class=\"elementor-post__title\">\n\t\t\t<a href=\"https:\/\/caltc.ca\/fr\/2024\/10\/advocacyday-oct-2-2024\/\" >\n\t\t\t\tCanadian Long-Term Care Sector Urges Federal Government for Immediate Investment to Meet Future Needs\t\t\t<\/a>\n\t\t<\/h3>\n\t\t\t\t<div class=\"elementor-post__excerpt\">\n\t\t\t<p>October 2, 2024 &#8211; Ottawa, ON \u2013 The Canadian Association for Long Term Care (CALTC) is on\u00a0 Parliament Hill this week for an annual Advocacy Day, calling on the federal government to prioritize<\/p>\n\t\t<\/div>\n\t\t\n\t\t<a class=\"elementor-post__read-more\" href=\"https:\/\/caltc.ca\/fr\/2024\/10\/advocacyday-oct-2-2024\/\" aria-label=\"Read more about Canadian Long-Term Care Sector Urges Federal Government for Immediate Investment to Meet Future Needs\" tabindex=\"-1\" >\n\t\t\tRead More \u00bb\t\t<\/a>\n\n\t\t\t\t<\/div>\n\t\t\t\t<div class=\"elementor-post__meta-data\">\n\t\t\t\t\t<span class=\"elementor-post-date\">\n\t\t\toctobre 2, 2024\t\t<\/span>\n\t\t\t\t<\/div>\n\t\t\t\t\t<\/div>\n\t\t<\/article>\n\t\t\t\t<article class=\"elementor-post elementor-grid-item post-11562 post type-post status-publish format-standard hentry category-news-release\" role=\"listitem\">\n\t\t\t<div class=\"elementor-post__card\">\n\t\t\t\t<div class=\"elementor-post__text\">\n\t\t\t\t<h3 class=\"elementor-post__title\">\n\t\t\t<a href=\"https:\/\/caltc.ca\/fr\/2024\/06\/national-ltc-day-2024\/\" >\n\t\t\t\tCanada to Celebrate First National Long-Term Care Day Recognizing the Vital Role of Long-Term Care Homes and The Contributions of Caregivers Nationwide\t\t\t<\/a>\n\t\t<\/h3>\n\t\t\t\t<div class=\"elementor-post__excerpt\">\n\t\t\t<p>A significant moment for the sector, the Canadian Association for Long Term Care (CALTC) encourages Canadians to express their gratitude to their local health care professionals who have dedicated their careers to supporting<\/p>\n\t\t<\/div>\n\t\t\n\t\t<a class=\"elementor-post__read-more\" href=\"https:\/\/caltc.ca\/fr\/2024\/06\/national-ltc-day-2024\/\" aria-label=\"Read more about Canada to Celebrate First National Long-Term Care Day Recognizing the Vital Role of Long-Term Care Homes and The Contributions of Caregivers Nationwide\" tabindex=\"-1\" >\n\t\t\tRead More \u00bb\t\t<\/a>\n\n\t\t\t\t<\/div>\n\t\t\t\t<div class=\"elementor-post__meta-data\">\n\t\t\t\t\t<span class=\"elementor-post-date\">\n\t\t\tjuin 13, 2024\t\t<\/span>\n\t\t\t\t<\/div>\n\t\t\t\t\t<\/div>\n\t\t<\/article>\n\t\t\t\t<article class=\"elementor-post elementor-grid-item post-7432 post type-post status-publish format-standard has-post-thumbnail hentry category-news-release\" role=\"listitem\">\n\t\t\t<div class=\"elementor-post__card\">\n\t\t\t\t<div class=\"elementor-post__text\">\n\t\t\t\t<h3 class=\"elementor-post__title\">\n\t\t\t<a href=\"https:\/\/caltc.ca\/fr\/2022\/10\/le-gouvernement-du-canada-verse-12-million-de-dollars-a-lassociation-canadienne-des-soins-de-longue-duree-acsld-pour-soutenir-la-sante-mentale-et-le-bien-etre-du-personnel-de-soins-de-long\/\" >\n\t\t\t\tLe gouvernement du Canada verse 1,2 million de dollars \u00e0 l\u2019Association canadienne des soins de longue dur\u00e9e (ACSLD) pour soutenir la sant\u00e9 mentale et le bien-\u00eatre du personnel de soins de longue dur\u00e9e\t\t\t<\/a>\n\t\t<\/h3>\n\t\t\t\t<div class=\"elementor-post__excerpt\">\n\t\t\t<p>Ottawa, ON, October 4, 2022 \u2014 L\u2019ACSLD est heureuse d\u2019offrir un programme qui vise \u00e0 aborder les inqui\u00e9tudes li\u00e9es \u00e0 la sant\u00e9 mentale et au bien-\u00eatre du personnel de soins de longue dur\u00e9e<\/p>\n\t\t<\/div>\n\t\t\n\t\t<a class=\"elementor-post__read-more\" href=\"https:\/\/caltc.ca\/fr\/2022\/10\/le-gouvernement-du-canada-verse-12-million-de-dollars-a-lassociation-canadienne-des-soins-de-longue-duree-acsld-pour-soutenir-la-sante-mentale-et-le-bien-etre-du-personnel-de-soins-de-long\/\" aria-label=\"Read more about Le gouvernement du Canada verse 1,2 million de dollars \u00e0 l\u2019Association canadienne des soins de longue dur\u00e9e (ACSLD) pour soutenir la sant\u00e9 mentale et le bien-\u00eatre du personnel de soins de longue dur\u00e9e\" tabindex=\"-1\" >\n\t\t\tRead More \u00bb\t\t<\/a>\n\n\t\t\t\t<\/div>\n\t\t\t\t<div class=\"elementor-post__meta-data\">\n\t\t\t\t\t<span class=\"elementor-post-date\">\n\t\t\toctobre 4, 2022\t\t<\/span>\n\t\t\t\t<\/div>\n\t\t\t\t\t<\/div>\n\t\t<\/article>\n\t\t\t\t<article class=\"elementor-post elementor-grid-item post-7428 post type-post status-publish format-standard has-post-thumbnail hentry category-news-release\" role=\"listitem\">\n\t\t\t<div class=\"elementor-post__card\">\n\t\t\t\t<div class=\"elementor-post__text\">\n\t\t\t\t<h3 class=\"elementor-post__title\">\n\t\t\t<a href=\"https:\/\/caltc.ca\/fr\/2022\/10\/the-government-of-canada-provides-1-2-million-to-the-canadian-association-for-long-term-care-caltc-to-support-the-mental-health-and-well-being-of-long-term-care-staff\/\" >\n\t\t\t\tThe Government of Canada provides $1.2 million to the Canadian Association for Long Term Care (CALTC) to Support the Mental Health and Well-Being of Long-Term Care Staff\t\t\t<\/a>\n\t\t<\/h3>\n\t\t\t\t<div class=\"elementor-post__excerpt\">\n\t\t\t<p>Ottawa, ON &#8211; October 4, 2022 &#8211; CALTC is pleased to be delivering a program to address the mental health and well-being concerns of long-term care staff who have been on the frontlines<\/p>\n\t\t<\/div>\n\t\t\n\t\t<a class=\"elementor-post__read-more\" href=\"https:\/\/caltc.ca\/fr\/2022\/10\/the-government-of-canada-provides-1-2-million-to-the-canadian-association-for-long-term-care-caltc-to-support-the-mental-health-and-well-being-of-long-term-care-staff\/\" aria-label=\"Read more about The Government of Canada provides $1.2 million to the Canadian Association for Long Term Care (CALTC) to Support the Mental Health and Well-Being of Long-Term Care Staff\" tabindex=\"-1\" >\n\t\t\tRead More \u00bb\t\t<\/a>\n\n\t\t\t\t<\/div>\n\t\t\t\t<div class=\"elementor-post__meta-data\">\n\t\t\t\t\t<span class=\"elementor-post-date\">\n\t\t\toctobre 4, 2022\t\t<\/span>\n\t\t\t\t<\/div>\n\t\t\t\t\t<\/div>\n\t\t<\/article>\n\t\t\t\t<\/div>\n\t\t\t\t\t<span class=\"e-load-more-spinner\">\n\t\t\t\t<i aria-hidden=\"true\" class=\"fas fa-spinner\"><\/i>\t\t\t<\/span>\n\t\t\n\t\t\t\t\t\t<\/div>\n\t\t\t\t<\/div>\n\t\t\t\t\t<\/div>\n\t\t<\/div>\n\t\t\t\t\t<\/div>\n\t\t<\/section>\n\t\t\t\t<\/div>","protected":false},"excerpt":{"rendered":"<p>Communiqu\u00e9 de presse<\/p>","protected":false},"author":1,"featured_media":0,"parent":0,"menu_order":0,"comment_status":"closed","ping_status":"closed","template":"","meta":{"_coblocks_attr":"","_coblocks_dimensions":"","_coblocks_responsive_height":"","_coblocks_accordion_ie_support":"","footnotes":""},"class_list":["post-10917","page","type-page","status-publish","hentry"],"yoast_head":"<!-- This site is optimized with the Yoast SEO plugin v27.5 - https:\/\/yoast.com\/product\/yoast-seo-wordpress\/ -->\n<title>Media Statements - Canadian Association for Long Term Care (CALTC)<\/title>\n<meta name=\"robots\" content=\"index, follow, max-snippet:-1, max-image-preview:large, max-video-preview:-1\" \/>\n<link rel=\"canonical\" href=\"https:\/\/ltcmentalhealth.ca\/media-statements\/\" \/>\n<meta property=\"og:locale\" content=\"fr_CA\" \/>\n<meta property=\"og:type\" content=\"article\" \/>\n<meta property=\"og:title\" content=\"Media Statements - Canadian Association for Long Term Care (CALTC)\" \/>\n<meta property=\"og:description\" content=\"Media Statements\" \/>\n<meta property=\"og:url\" content=\"https:\/\/ltcmentalhealth.ca\/media-statements\/\" \/>\n<meta property=\"og:site_name\" content=\"Canadian Association for Long Term Care (CALTC)\" \/>\n<meta property=\"article:publisher\" content=\"https:\/\/www.facebook.com\/caltc.ca\/\" \/>\n<meta property=\"article:modified_time\" content=\"2023-04-02T01:56:07+00:00\" \/>\n<meta name=\"twitter:card\" content=\"summary_large_image\" \/>\n<meta name=\"twitter:site\" content=\"@CALTC_CA\" \/>\n<meta name=\"twitter:label1\" content=\"Estimation du temps de lecture\" \/>\n\t<meta name=\"twitter:data1\" content=\"1 minute\" \/>\n<script type=\"application\/ld+json\" class=\"yoast-schema-graph\">{\"@context\":\"https:\\\/\\\/schema.org\",\"@graph\":[{\"@type\":\"WebPage\",\"@id\":\"https:\\\/\\\/ltcmentalhealth.ca\\\/media-statements\\\/\",\"url\":\"https:\\\/\\\/ltcmentalhealth.ca\\\/media-statements\\\/\",\"name\":\"Media Statements - Canadian Association for Long Term Care (CALTC)\",\"isPartOf\":{\"@id\":\"https:\\\/\\\/ltcmentalhealth.ca\\\/#website\"},\"datePublished\":\"2023-04-01T18:32:35+00:00\",\"dateModified\":\"2023-04-02T01:56:07+00:00\",\"breadcrumb\":{\"@id\":\"https:\\\/\\\/ltcmentalhealth.ca\\\/media-statements\\\/#breadcrumb\"},\"inLanguage\":\"fr-CA\",\"potentialAction\":[{\"@type\":\"ReadAction\",\"target\":[\"https:\\\/\\\/ltcmentalhealth.ca\\\/media-statements\\\/\"]}]},{\"@type\":\"BreadcrumbList\",\"@id\":\"https:\\\/\\\/ltcmentalhealth.ca\\\/media-statements\\\/#breadcrumb\",\"itemListElement\":[{\"@type\":\"ListItem\",\"position\":1,\"name\":\"Home\",\"item\":\"https:\\\/\\\/caltc.ca\\\/\"},{\"@type\":\"ListItem\",\"position\":2,\"name\":\"Media Statements\"}]},{\"@type\":\"WebSite\",\"@id\":\"https:\\\/\\\/ltcmentalhealth.ca\\\/#website\",\"url\":\"https:\\\/\\\/ltcmentalhealth.ca\\\/\",\"name\":\"Canadian Association for Long Term Care (CALTC)\",\"description\":\"The National Voice of Long-Term Care Providers in Canada\",\"publisher\":{\"@id\":\"https:\\\/\\\/ltcmentalhealth.ca\\\/#organization\"},\"potentialAction\":[{\"@type\":\"SearchAction\",\"target\":{\"@type\":\"EntryPoint\",\"urlTemplate\":\"https:\\\/\\\/ltcmentalhealth.ca\\\/?s={search_term_string}\"},\"query-input\":{\"@type\":\"PropertyValueSpecification\",\"valueRequired\":true,\"valueName\":\"search_term_string\"}}],\"inLanguage\":\"fr-CA\"},{\"@type\":\"Organization\",\"@id\":\"https:\\\/\\\/ltcmentalhealth.ca\\\/#organization\",\"name\":\"Canadian Association for Long Term Care (CALTC)\",\"url\":\"https:\\\/\\\/ltcmentalhealth.ca\\\/\",\"logo\":{\"@type\":\"ImageObject\",\"inLanguage\":\"fr-CA\",\"@id\":\"https:\\\/\\\/ltcmentalhealth.ca\\\/#\\\/schema\\\/logo\\\/image\\\/\",\"url\":\"https:\\\/\\\/caltc.ca\\\/wp-content\\\/uploads\\\/2022\\\/09\\\/CALTC_logo_2022.png\",\"contentUrl\":\"https:\\\/\\\/caltc.ca\\\/wp-content\\\/uploads\\\/2022\\\/09\\\/CALTC_logo_2022.png\",\"width\":1508,\"height\":352,\"caption\":\"Canadian Association for Long Term Care (CALTC)\"},\"image\":{\"@id\":\"https:\\\/\\\/ltcmentalhealth.ca\\\/#\\\/schema\\\/logo\\\/image\\\/\"},\"sameAs\":[\"https:\\\/\\\/www.facebook.com\\\/caltc.ca\\\/\",\"https:\\\/\\\/x.com\\\/CALTC_CA\",\"https:\\\/\\\/www.linkedin.com\\\/company\\\/canadian-association-for-long-term-care\\\/\"]}]}<\/script>\n<!-- \/ Yoast SEO plugin. -->","yoast_head_json":{"title":"Media Statements - Canadian Association for Long Term Care (CALTC)","robots":{"index":"index","follow":"follow","max-snippet":"max-snippet:-1","max-image-preview":"max-image-preview:large","max-video-preview":"max-video-preview:-1"},"canonical":"https:\/\/ltcmentalhealth.ca\/media-statements\/","og_locale":"fr_CA","og_type":"article","og_title":"Media Statements - Canadian Association for Long Term Care (CALTC)","og_description":"Media Statements","og_url":"https:\/\/ltcmentalhealth.ca\/media-statements\/","og_site_name":"Canadian Association for Long Term Care (CALTC)","article_publisher":"https:\/\/www.facebook.com\/caltc.ca\/","article_modified_time":"2023-04-02T01:56:07+00:00","twitter_card":"summary_large_image","twitter_site":"@CALTC_CA","twitter_misc":{"Estimation du temps de lecture":"1 minute"},"schema":{"@context":"https:\/\/schema.org","@graph":[{"@type":"WebPage","@id":"https:\/\/ltcmentalhealth.ca\/media-statements\/","url":"https:\/\/ltcmentalhealth.ca\/media-statements\/","name":"Media Statements - Canadian Association for Long Term Care (CALTC)","isPartOf":{"@id":"https:\/\/ltcmentalhealth.ca\/#website"},"datePublished":"2023-04-01T18:32:35+00:00","dateModified":"2023-04-02T01:56:07+00:00","breadcrumb":{"@id":"https:\/\/ltcmentalhealth.ca\/media-statements\/#breadcrumb"},"inLanguage":"fr-CA","potentialAction":[{"@type":"ReadAction","target":["https:\/\/ltcmentalhealth.ca\/media-statements\/"]}]},{"@type":"BreadcrumbList","@id":"https:\/\/ltcmentalhealth.ca\/media-statements\/#breadcrumb","itemListElement":[{"@type":"ListItem","position":1,"name":"Home","item":"https:\/\/caltc.ca\/"},{"@type":"ListItem","position":2,"name":"Media Statements"}]},{"@type":"WebSite","@id":"https:\/\/ltcmentalhealth.ca\/#website","url":"https:\/\/ltcmentalhealth.ca\/","name":"\u2022 Association canadienne des soins de longue dur\u00e9e (ACSLD)","description":"The National Voice of Long-Term Care Providers in Canada","publisher":{"@id":"https:\/\/ltcmentalhealth.ca\/#organization"},"potentialAction":[{"@type":"SearchAction","target":{"@type":"EntryPoint","urlTemplate":"https:\/\/ltcmentalhealth.ca\/?s={search_term_string}"},"query-input":{"@type":"PropertyValueSpecification","valueRequired":true,"valueName":"search_term_string"}}],"inLanguage":"fr-CA"},{"@type":"Organization","@id":"https:\/\/ltcmentalhealth.ca\/#organization","name":"\u2022 Association canadienne des soins de longue dur\u00e9e (ACSLD)","url":"https:\/\/ltcmentalhealth.ca\/","logo":{"@type":"ImageObject","inLanguage":"fr-CA","@id":"https:\/\/ltcmentalhealth.ca\/#\/schema\/logo\/image\/","url":"https:\/\/caltc.ca\/wp-content\/uploads\/2022\/09\/CALTC_logo_2022.png","contentUrl":"https:\/\/caltc.ca\/wp-content\/uploads\/2022\/09\/CALTC_logo_2022.png","width":1508,"height":352,"caption":"Canadian Association for Long Term Care (CALTC)"},"image":{"@id":"https:\/\/ltcmentalhealth.ca\/#\/schema\/logo\/image\/"},"sameAs":["https:\/\/www.facebook.com\/caltc.ca\/","https:\/\/x.com\/CALTC_CA","https:\/\/www.linkedin.com\/company\/canadian-association-for-long-term-care\/"]}]}},"_links":{"self":[{"href":"https:\/\/caltc.ca\/fr\/wp-json\/wp\/v2\/pages\/10917","targetHints":{"allow":["GET"]}}],"collection":[{"href":"https:\/\/caltc.ca\/fr\/wp-json\/wp\/v2\/pages"}],"about":[{"href":"https:\/\/caltc.ca\/fr\/wp-json\/wp\/v2\/types\/page"}],"author":[{"embeddable":true,"href":"https:\/\/caltc.ca\/fr\/wp-json\/wp\/v2\/users\/1"}],"replies":[{"embeddable":true,"href":"https:\/\/caltc.ca\/fr\/wp-json\/wp\/v2\/comments?post=10917"}],"version-history":[{"count":10,"href":"https:\/\/caltc.ca\/fr\/wp-json\/wp\/v2\/pages\/10917\/revisions"}],"predecessor-version":[{"id":11019,"href":"https:\/\/caltc.ca\/fr\/wp-json\/wp\/v2\/pages\/10917\/revisions\/11019"}],"wp:attachment":[{"href":"https:\/\/caltc.ca\/fr\/wp-json\/wp\/v2\/media?parent=10917"}],"curies":[{"name":"wp","href":"https:\/\/api.w.org\/{rel}","templated":true}]}}